{"id":13758,"date":"2025-11-18T10:48:02","date_gmt":"2025-11-18T10:48:02","guid":{"rendered":"https:\/\/aspanin.cat\/hogares-infusio\/"},"modified":"2025-11-18T11:54:18","modified_gmt":"2025-11-18T11:54:18","slug":"hogares-infusio","status":"publish","type":"page","link":"https:\/\/aspanin.cat\/es\/hogares-infusio\/","title":{"rendered":"Hogares InFusi\u00f3"},"content":{"rendered":"\t\t<div data-elementor-type=\"wp-page\" data-elementor-id=\"13758\" class=\"elementor elementor-13758 elementor-13718\" data-elementor-post-type=\"page\">\n\t\t\t\t<div class=\"elementor-element elementor-element-87c52ed e-flex e-con-boxed e-con e-parent\" data-id=\"87c52ed\" data-element_type=\"container\" data-e-type=\"container\">\n\t\t\t\t\t<div class=\"e-con-inner\">\n\t\t\t\t<div class=\"elementor-element elementor-element-ad7aaad elementor-widget elementor-widget-heading\" data-id=\"ad7aaad\" data-element_type=\"widget\" data-e-type=\"widget\" data-widget_type=\"heading.default\">\n\t\t\t\t\t<h1 class=\"elementor-heading-title elementor-size-default\">Programa Hogares InFusi\u00f3<\/h1>\t\t\t\t<\/div>\n\t\t\t\t<div class=\"elementor-element elementor-element-2a76e38 elementor-widget-divider--view-line elementor-widget elementor-widget-divider\" data-id=\"2a76e38\" data-element_type=\"widget\" data-e-type=\"widget\" data-widget_type=\"divider.default\">\n\t\t\t\t\t\t\t<div class=\"elementor-divider\">\n\t\t\t<span class=\"elementor-divider-separator\">\n\t\t\t\t\t\t<\/span>\n\t\t<\/div>\n\t\t\t\t\t\t<\/div>\n\t\t\t\t\t<\/div>\n\t\t\t\t<\/div>\n\t\t<div class=\"elementor-element elementor-element-2e15aa4 e-flex e-con-boxed e-con e-parent\" data-id=\"2e15aa4\" data-element_type=\"container\" data-e-type=\"container\">\n\t\t\t\t\t<div class=\"e-con-inner\">\n\t\t<div class=\"elementor-element elementor-element-3770bfb e-con-full e-flex e-con e-child\" data-id=\"3770bfb\" data-element_type=\"container\" data-e-type=\"container\">\n\t\t\t\t<div class=\"elementor-element elementor-element-41d25c3 elementor-widget elementor-widget-heading\" data-id=\"41d25c3\" data-element_type=\"widget\" data-e-type=\"widget\" data-widget_type=\"heading.default\">\n\t\t\t\t\t<h2 class=\"elementor-heading-title elementor-size-default\">Hogares Colaborativos de personas con discapacidad intelectual y personas sin hogar<\/h2>\t\t\t\t<\/div>\n\t\t\t\t<div class=\"elementor-element elementor-element-9b5fbfe elementor-widget__width-inherit elementor-widget elementor-widget-text-editor\" data-id=\"9b5fbfe\" data-element_type=\"widget\" data-e-type=\"widget\" data-widget_type=\"text-editor.default\">\n\t\t\t\t\t\t\t\t\t<p>El Proyecto Hogares InFusi\u00f3 es una iniciativa de la Fundaci\u00f3n ASPANIN y la Fundaci\u00f3n Roca y<br>Pi que ofrece vivienda compartida a personas con discapacidad<br>intelectual y personas sin hogar. El proyecto promueve la convivencia,<br>rompe prejuicios y combate la soledad no deseada, creando un hogar basado<br>en el apoyo mutuo y el bienestar. El nombre simboliza la fusi\u00f3n de los dos<br>colectivos y la calidez de un hogar acogedor.  <\/p>\t\t\t\t\t\t\t\t<\/div>\n\t\t\t\t<div class=\"elementor-element elementor-element-9320ec8 elementor-widget__width-inherit elementor-widget elementor-widget-image\" data-id=\"9320ec8\" data-element_type=\"widget\" data-e-type=\"widget\" data-widget_type=\"image.default\">\n\t\t\t\t\t\t\t\t\t\t\t\t\t\t\t<img fetchpriority=\"high\" decoding=\"async\" width=\"1024\" height=\"806\" src=\"https:\/\/aspanin.cat\/wp-content\/uploads\/2025\/11\/nadal-1024x806.jpg\" class=\"attachment-large size-large wp-image-13748\" alt=\"\" srcset=\"https:\/\/aspanin.cat\/wp-content\/uploads\/2025\/11\/nadal-1024x806.jpg 1024w, https:\/\/aspanin.cat\/wp-content\/uploads\/2025\/11\/nadal-300x236.jpg 300w, https:\/\/aspanin.cat\/wp-content\/uploads\/2025\/11\/nadal-768x605.jpg 768w, https:\/\/aspanin.cat\/wp-content\/uploads\/2025\/11\/nadal-1536x1209.jpg 1536w, https:\/\/aspanin.cat\/wp-content\/uploads\/2025\/11\/nadal-2048x1612.jpg 2048w\" sizes=\"(max-width: 1024px) 100vw, 1024px\" \/>\t\t\t\t\t\t\t\t\t\t\t\t\t\t\t<\/div>\n\t\t\t\t<div class=\"elementor-element elementor-element-231336a elementor-widget elementor-widget-heading\" data-id=\"231336a\" data-element_type=\"widget\" data-e-type=\"widget\" data-widget_type=\"heading.default\">\n\t\t\t\t\t<h2 class=\"elementor-heading-title elementor-size-default\">Requisios de acceso:<\/h2>\t\t\t\t<\/div>\n\t\t\t\t<div class=\"elementor-element elementor-element-3795fd8 elementor-widget__width-inherit elementor-widget elementor-widget-text-editor\" data-id=\"3795fd8\" data-element_type=\"widget\" data-e-type=\"widget\" data-widget_type=\"text-editor.default\">\n\t\t\t\t\t\t\t\t\t<ul><li>Personas atendidas desde la Fundaci\u00f3n ASPANIN.<\/li><li>Personas aendidas desde la Fundaci\u00f3 Roca i Pi.<\/li><li>Personas a partir de 18 a\u00f1os.<\/li><li>Personas con discapacidad intelectual y\/o en situaci\u00f3n de exclusi\u00f3n social.<\/li><li>Personas que en caso de presentar conductas de consumo, estas, no sean un impedimento para la autonom\u00eda y la buena convivencia dentro de la vivienda, pudiendo estar en tratamiento o bien deseen iniciarlo.<\/li><\/ul>\t\t\t\t\t\t\t\t<\/div>\n\t\t\t\t<div class=\"elementor-element elementor-element-f0b0ed9 elementor-widget elementor-widget-heading\" data-id=\"f0b0ed9\" data-element_type=\"widget\" data-e-type=\"widget\" data-widget_type=\"heading.default\">\n\t\t\t\t\t<h2 class=\"elementor-heading-title elementor-size-default\">Objetivos:<\/h2>\t\t\t\t<\/div>\n\t\t\t\t<div class=\"elementor-element elementor-element-24d966d elementor-widget__width-inherit elementor-widget elementor-widget-text-editor\" data-id=\"24d966d\" data-element_type=\"widget\" data-e-type=\"widget\" data-widget_type=\"text-editor.default\">\n\t\t\t\t\t\t\t\t\t<ul><li>Facilitar el acceso y mantenimiento de una vivienda digna a personas en situaci\u00f3n de vulnerabilidad social y exclusi\u00f3n residencial ofreciendo un acompa\u00f1amiento integral.<\/li><li>Facilitar el acceso y mantenimiento de una vivienda digna a personas con discapacidad intelectual ofreciendo un acompa\u00f1amiento integral.<\/li><li>Desarrollar competencias para la propia autonom\u00eda en el hogar.<\/li><li>Fomentar la convivencia con el resto de compa\u00f1eros y la comunidad.<\/li><\/ul>\t\t\t\t\t\t\t\t<\/div>\n\t\t\t\t<div class=\"elementor-element elementor-element-f4a06bf elementor-widget elementor-widget-heading\" data-id=\"f4a06bf\" data-element_type=\"widget\" data-e-type=\"widget\" data-widget_type=\"heading.default\">\n\t\t\t\t\t<h2 class=\"elementor-heading-title elementor-size-default\">Apoyos:<\/h2>\t\t\t\t<\/div>\n\t\t\t\t<div class=\"elementor-element elementor-element-1d636a5 elementor-widget__width-inherit elementor-widget elementor-widget-text-editor\" data-id=\"1d636a5\" data-element_type=\"widget\" data-e-type=\"widget\" data-widget_type=\"text-editor.default\">\n\t\t\t\t\t\t\t\t\t<p><strong><span style=\"color: #99cc00;\">Las viviendas<\/span><\/strong> son compartidas, con dormitorios individuales y una capacidad de unas tres personas por piso, para favorecer una convivencia normalizada. La estancia est\u00e1 vinculada al plan de acompa\u00f1amiento y al cumplimiento de los requisitos acordados. <\/p><p><strong><span style=\"color: #99cc00;\">Los profesionales<\/span><\/strong> hacen visitas de acompa\u00f1amiento como m\u00ednimo una vez por semana, adaptando la frecuencia seg\u00fan las necesidades, para garantizar el buen funcionamiento, la organizaci\u00f3n diaria y la convivencia.<\/p><p>Cada piso tiene uno\/a referente social, responsable de definir y seguir el plan de acompa\u00f1amiento individual y grupal.<\/p><p>El proyecto proporciona <strong><span style=\"color: #99cc00;\">apoyo econ\u00f3mico y material<\/span><\/strong>, equipando los pisos con muebles y electrodom\u00e9sticos, y ofreciendo, siempre que sea posible, productos de limpieza e higiene de manera gratuita.<\/p>\t\t\t\t\t\t\t\t<\/div>\n\t\t\t\t<\/div>\n\t\t<div class=\"elementor-element elementor-element-7daa3cc e-con-full e-flex e-con e-child\" data-id=\"7daa3cc\" data-element_type=\"container\" data-e-type=\"container\">\n\t\t\t\t<div class=\"elementor-element elementor-element-5e05636 elementor-widget elementor-widget-heading\" data-id=\"5e05636\" data-element_type=\"widget\" data-e-type=\"widget\" data-widget_type=\"heading.default\">\n\t\t\t\t\t<h2 class=\"elementor-heading-title elementor-size-default\">Colabora<\/h2>\t\t\t\t<\/div>\n\t\t\t\t<div class=\"elementor-element elementor-element-afb0b71 elementor-widget__width-initial elementor--h-position-center elementor--v-position-middle elementor-arrows-position-inside elementor-pagination-position-inside elementor-widget elementor-widget-slides\" data-id=\"afb0b71\" data-element_type=\"widget\" data-e-type=\"widget\" data-settings=\"{&quot;navigation&quot;:&quot;both&quot;,&quot;transition&quot;:&quot;slide&quot;,&quot;transition_speed&quot;:500}\" data-widget_type=\"slides.default\">\n\t\t\t\t\t\t\t\t\t\t<div class=\"elementor-slides-wrapper elementor-main-swiper swiper\" role=\"region\" aria-roledescription=\"carousel\" aria-label=\"Slides\" dir=\"ltr\" data-animation=\"\">\n\t\t\t\t<div class=\"swiper-wrapper elementor-slides\">\n\t\t\t\t\t\t\t\t\t\t<div class=\"elementor-repeater-item-bca1e80 swiper-slide\" role=\"group\" aria-roledescription=\"slide\"><div class=\"swiper-slide-bg\" role=\"img\" aria-label=\"Collabora\"><\/div><a class=\"swiper-slide-inner\" href=\"https:\/\/aspanin.cat\/es\/dona\/\"><div class=\"swiper-slide-contents\"><div class=\"elementor-slide-heading\">AY\u00daDANOS A MEJORAR LA CALIDAD DE VIDA DE LAS PERSONAS CON DISCAPACIDAD INTELECTUAL<\/div><\/div><\/a><\/div>\t\t\t\t<\/div>\n\t\t\t\t\t\t\t<\/div>\n\t\t\t\t\t\t\t\t<\/div>\n\t\t\t\t<div class=\"elementor-element elementor-element-40f7256 elementor-widget__width-initial elementor-widget elementor-widget-heading\" data-id=\"40f7256\" data-element_type=\"widget\" data-e-type=\"widget\" data-widget_type=\"heading.default\">\n\t\t\t\t\t<h2 class=\"elementor-heading-title elementor-size-default\">Ay\u00fadanos<\/h2>\t\t\t\t<\/div>\n\t\t\t\t<\/div>\n\t\t\t\t\t<\/div>\n\t\t\t\t<\/div>\n\t\t\t\t<\/div>\n\t\t","protected":false},"excerpt":{"rendered":"<p>Programa Hogares InFusi\u00f3 Hogares Colaborativos de personas con discapacidad intelectual y personas sin hogar El Proyecto Hogares InFusi\u00f3 es una iniciativa de la Fundaci\u00f3n ASPANIN y la Fundaci\u00f3n Roca yPi que ofrece vivienda compartida a personas con discapacidadintelectual y personas sin hogar. El proyecto promueve la convivencia,rompe prejuicios y combate la soledad no deseada, creando [&hellip;]<\/p>\n","protected":false},"author":1,"featured_media":0,"parent":0,"menu_order":0,"comment_status":"closed","ping_status":"closed","template":"","meta":{"site-sidebar-layout":"no-sidebar","site-content-layout":"page-builder","ast-site-content-layout":"full-width-container","site-content-style":"default","site-sidebar-style":"default","ast-global-header-display":"","ast-banner-title-visibility":"","ast-main-header-display":"","ast-hfb-above-header-display":"","ast-hfb-below-header-display":"","ast-hfb-mobile-header-display":"","site-post-title":"disabled","ast-breadcrumbs-content":"","ast-featured-img":"disabled","footer-sml-layout":"","ast-disable-related-posts":"","theme-transparent-header-meta":"","adv-header-id-meta":"","stick-header-meta":"","header-above-stick-meta":"","header-main-stick-meta":"","header-below-stick-meta":"","astra-migrate-meta-layouts":"default","ast-page-background-enabled":"default","ast-page-background-meta":{"desktop":{"background-color":"var(--ast-global-color-4)","background-image":"","background-repeat":"repeat","background-position":"center center","background-size":"auto","background-attachment":"scroll","background-type":"","background-media":"","overlay-type":"","overlay-color":"","overlay-opacity":"","overlay-gradient":""},"tablet":{"background-color":"","background-image":"","background-repeat":"repeat","background-position":"center center","background-size":"auto","background-attachment":"scroll","background-type":"","background-media":"","overlay-type":"","overlay-color":"","overlay-opacity":"","overlay-gradient":""},"mobile":{"background-color":"","background-image":"","background-repeat":"repeat","background-position":"center center","background-size":"auto","background-attachment":"scroll","background-type":"","background-media":"","overlay-type":"","overlay-color":"","overlay-opacity":"","overlay-gradient":""}},"ast-content-background-meta":{"desktop":{"background-color":"var(--ast-global-color-5)","background-image":"","background-repeat":"repeat","background-position":"center center","background-size":"auto","background-attachment":"scroll","background-type":"","background-media":"","overlay-type":"","overlay-color":"","overlay-opacity":"","overlay-gradient":""},"tablet":{"background-color":"var(--ast-global-color-5)","background-image":"","background-repeat":"repeat","background-position":"center center","background-size":"auto","background-attachment":"scroll","background-type":"","background-media":"","overlay-type":"","overlay-color":"","overlay-opacity":"","overlay-gradient":""},"mobile":{"background-color":"var(--ast-global-color-5)","background-image":"","background-repeat":"repeat","background-position":"center center","background-size":"auto","background-attachment":"scroll","background-type":"","background-media":"","overlay-type":"","overlay-color":"","overlay-opacity":"","overlay-gradient":""}},"footnotes":""},"class_list":["post-13758","page","type-page","status-publish","hentry"],"yoast_head":"<!-- This site is optimized with the Yoast SEO plugin v27.5 - https:\/\/yoast.com\/product\/yoast-seo-wordpress\/ -->\n<title>Hogares InFusi\u00f3 - ASPANIN<\/title>\n<meta name=\"robots\" content=\"index, follow, max-snippet:-1, max-image-preview:large, max-video-preview:-1\" \/>\n<link rel=\"canonical\" href=\"https:\/\/aspanin.cat\/es\/hogares-infusio\/\" \/>\n<meta property=\"og:locale\" content=\"es_ES\" \/>\n<meta property=\"og:type\" content=\"article\" \/>\n<meta property=\"og:title\" content=\"Hogares InFusi\u00f3 - ASPANIN\" \/>\n<meta property=\"og:description\" content=\"Programa Hogares InFusi\u00f3 Hogares Colaborativos de personas con discapacidad intelectual y personas sin hogar El Proyecto Hogares InFusi\u00f3 es una iniciativa de la Fundaci\u00f3n ASPANIN y la Fundaci\u00f3n Roca yPi que ofrece vivienda compartida a personas con discapacidadintelectual y personas sin hogar. El proyecto promueve la convivencia,rompe prejuicios y combate la soledad no deseada, creando [&hellip;]\" \/>\n<meta property=\"og:url\" content=\"https:\/\/aspanin.cat\/es\/hogares-infusio\/\" \/>\n<meta property=\"og:site_name\" content=\"ASPANIN\" \/>\n<meta property=\"article:modified_time\" content=\"2025-11-18T11:54:18+00:00\" \/>\n<meta property=\"og:image\" content=\"https:\/\/aspanin.cat\/wp-content\/uploads\/2025\/11\/nadal-scaled.jpg\" \/>\n\t<meta property=\"og:image:width\" content=\"2560\" \/>\n\t<meta property=\"og:image:height\" content=\"2015\" \/>\n\t<meta property=\"og:image:type\" content=\"image\/jpeg\" \/>\n<meta name=\"twitter:card\" content=\"summary_large_image\" \/>\n<meta name=\"twitter:label1\" content=\"Tiempo de lectura\" \/>\n\t<meta name=\"twitter:data1\" content=\"2 minutos\" \/>\n<script type=\"application\/ld+json\" class=\"yoast-schema-graph\">{\"@context\":\"https:\\\/\\\/schema.org\",\"@graph\":[{\"@type\":\"WebPage\",\"@id\":\"https:\\\/\\\/aspanin.cat\\\/es\\\/hogares-infusio\\\/\",\"url\":\"https:\\\/\\\/aspanin.cat\\\/es\\\/hogares-infusio\\\/\",\"name\":\"Hogares InFusi\u00f3 - ASPANIN\",\"isPartOf\":{\"@id\":\"https:\\\/\\\/aspanin.cat\\\/es\\\/#website\"},\"primaryImageOfPage\":{\"@id\":\"https:\\\/\\\/aspanin.cat\\\/es\\\/hogares-infusio\\\/#primaryimage\"},\"image\":{\"@id\":\"https:\\\/\\\/aspanin.cat\\\/es\\\/hogares-infusio\\\/#primaryimage\"},\"thumbnailUrl\":\"https:\\\/\\\/aspanin.cat\\\/wp-content\\\/uploads\\\/2025\\\/11\\\/nadal-1024x806.jpg\",\"datePublished\":\"2025-11-18T10:48:02+00:00\",\"dateModified\":\"2025-11-18T11:54:18+00:00\",\"inLanguage\":\"es\",\"potentialAction\":[{\"@type\":\"ReadAction\",\"target\":[\"https:\\\/\\\/aspanin.cat\\\/es\\\/hogares-infusio\\\/\"]}]},{\"@type\":\"ImageObject\",\"inLanguage\":\"es\",\"@id\":\"https:\\\/\\\/aspanin.cat\\\/es\\\/hogares-infusio\\\/#primaryimage\",\"url\":\"https:\\\/\\\/aspanin.cat\\\/wp-content\\\/uploads\\\/2025\\\/11\\\/nadal-1024x806.jpg\",\"contentUrl\":\"https:\\\/\\\/aspanin.cat\\\/wp-content\\\/uploads\\\/2025\\\/11\\\/nadal-1024x806.jpg\"},{\"@type\":\"WebSite\",\"@id\":\"https:\\\/\\\/aspanin.cat\\\/es\\\/#website\",\"url\":\"https:\\\/\\\/aspanin.cat\\\/es\\\/\",\"name\":\"ASPANIN\",\"description\":\"Pro persones amb discapacitat intel\u00b7lectual i les seves fam\u00edlies\",\"publisher\":{\"@id\":\"https:\\\/\\\/aspanin.cat\\\/es\\\/#organization\"},\"potentialAction\":[{\"@type\":\"SearchAction\",\"target\":{\"@type\":\"EntryPoint\",\"urlTemplate\":\"https:\\\/\\\/aspanin.cat\\\/es\\\/?s={search_term_string}\"},\"query-input\":{\"@type\":\"PropertyValueSpecification\",\"valueRequired\":true,\"valueName\":\"search_term_string\"}}],\"inLanguage\":\"es\"},{\"@type\":\"Organization\",\"@id\":\"https:\\\/\\\/aspanin.cat\\\/es\\\/#organization\",\"name\":\"ASPANIN\",\"url\":\"https:\\\/\\\/aspanin.cat\\\/es\\\/\",\"logo\":{\"@type\":\"ImageObject\",\"inLanguage\":\"es\",\"@id\":\"https:\\\/\\\/aspanin.cat\\\/es\\\/#\\\/schema\\\/logo\\\/image\\\/\",\"url\":\"https:\\\/\\\/aspanin.cat\\\/wp-content\\\/uploads\\\/2020\\\/07\\\/logo.gif\",\"contentUrl\":\"https:\\\/\\\/aspanin.cat\\\/wp-content\\\/uploads\\\/2020\\\/07\\\/logo.gif\",\"width\":587,\"height\":190,\"caption\":\"ASPANIN\"},\"image\":{\"@id\":\"https:\\\/\\\/aspanin.cat\\\/es\\\/#\\\/schema\\\/logo\\\/image\\\/\"}}]}<\/script>\n<!-- \/ Yoast SEO plugin. -->","yoast_head_json":{"title":"Hogares InFusi\u00f3 - ASPANIN","robots":{"index":"index","follow":"follow","max-snippet":"max-snippet:-1","max-image-preview":"max-image-preview:large","max-video-preview":"max-video-preview:-1"},"canonical":"https:\/\/aspanin.cat\/es\/hogares-infusio\/","og_locale":"es_ES","og_type":"article","og_title":"Hogares InFusi\u00f3 - ASPANIN","og_description":"Programa Hogares InFusi\u00f3 Hogares Colaborativos de personas con discapacidad intelectual y personas sin hogar El Proyecto Hogares InFusi\u00f3 es una iniciativa de la Fundaci\u00f3n ASPANIN y la Fundaci\u00f3n Roca yPi que ofrece vivienda compartida a personas con discapacidadintelectual y personas sin hogar. El proyecto promueve la convivencia,rompe prejuicios y combate la soledad no deseada, creando [&hellip;]","og_url":"https:\/\/aspanin.cat\/es\/hogares-infusio\/","og_site_name":"ASPANIN","article_modified_time":"2025-11-18T11:54:18+00:00","og_image":[{"width":2560,"height":2015,"url":"https:\/\/aspanin.cat\/wp-content\/uploads\/2025\/11\/nadal-scaled.jpg","type":"image\/jpeg"}],"twitter_card":"summary_large_image","twitter_misc":{"Tiempo de lectura":"2 minutos"},"schema":{"@context":"https:\/\/schema.org","@graph":[{"@type":"WebPage","@id":"https:\/\/aspanin.cat\/es\/hogares-infusio\/","url":"https:\/\/aspanin.cat\/es\/hogares-infusio\/","name":"Hogares InFusi\u00f3 - ASPANIN","isPartOf":{"@id":"https:\/\/aspanin.cat\/es\/#website"},"primaryImageOfPage":{"@id":"https:\/\/aspanin.cat\/es\/hogares-infusio\/#primaryimage"},"image":{"@id":"https:\/\/aspanin.cat\/es\/hogares-infusio\/#primaryimage"},"thumbnailUrl":"https:\/\/aspanin.cat\/wp-content\/uploads\/2025\/11\/nadal-1024x806.jpg","datePublished":"2025-11-18T10:48:02+00:00","dateModified":"2025-11-18T11:54:18+00:00","inLanguage":"es","potentialAction":[{"@type":"ReadAction","target":["https:\/\/aspanin.cat\/es\/hogares-infusio\/"]}]},{"@type":"ImageObject","inLanguage":"es","@id":"https:\/\/aspanin.cat\/es\/hogares-infusio\/#primaryimage","url":"https:\/\/aspanin.cat\/wp-content\/uploads\/2025\/11\/nadal-1024x806.jpg","contentUrl":"https:\/\/aspanin.cat\/wp-content\/uploads\/2025\/11\/nadal-1024x806.jpg"},{"@type":"WebSite","@id":"https:\/\/aspanin.cat\/es\/#website","url":"https:\/\/aspanin.cat\/es\/","name":"ASPANIN","description":"Pro persones amb discapacitat intel\u00b7lectual i les seves fam\u00edlies","publisher":{"@id":"https:\/\/aspanin.cat\/es\/#organization"},"potentialAction":[{"@type":"SearchAction","target":{"@type":"EntryPoint","urlTemplate":"https:\/\/aspanin.cat\/es\/?s={search_term_string}"},"query-input":{"@type":"PropertyValueSpecification","valueRequired":true,"valueName":"search_term_string"}}],"inLanguage":"es"},{"@type":"Organization","@id":"https:\/\/aspanin.cat\/es\/#organization","name":"ASPANIN","url":"https:\/\/aspanin.cat\/es\/","logo":{"@type":"ImageObject","inLanguage":"es","@id":"https:\/\/aspanin.cat\/es\/#\/schema\/logo\/image\/","url":"https:\/\/aspanin.cat\/wp-content\/uploads\/2020\/07\/logo.gif","contentUrl":"https:\/\/aspanin.cat\/wp-content\/uploads\/2020\/07\/logo.gif","width":587,"height":190,"caption":"ASPANIN"},"image":{"@id":"https:\/\/aspanin.cat\/es\/#\/schema\/logo\/image\/"}}]}},"_links":{"self":[{"href":"https:\/\/aspanin.cat\/es\/wp-json\/wp\/v2\/pages\/13758","targetHints":{"allow":["GET"]}}],"collection":[{"href":"https:\/\/aspanin.cat\/es\/wp-json\/wp\/v2\/pages"}],"about":[{"href":"https:\/\/aspanin.cat\/es\/wp-json\/wp\/v2\/types\/page"}],"author":[{"embeddable":true,"href":"https:\/\/aspanin.cat\/es\/wp-json\/wp\/v2\/users\/1"}],"replies":[{"embeddable":true,"href":"https:\/\/aspanin.cat\/es\/wp-json\/wp\/v2\/comments?post=13758"}],"version-history":[{"count":2,"href":"https:\/\/aspanin.cat\/es\/wp-json\/wp\/v2\/pages\/13758\/revisions"}],"predecessor-version":[{"id":13763,"href":"https:\/\/aspanin.cat\/es\/wp-json\/wp\/v2\/pages\/13758\/revisions\/13763"}],"wp:attachment":[{"href":"https:\/\/aspanin.cat\/es\/wp-json\/wp\/v2\/media?parent=13758"}],"curies":[{"name":"wp","href":"https:\/\/api.w.org\/{rel}","templated":true}]}}