{"id":12415,"date":"2023-02-21T08:59:15","date_gmt":"2023-02-21T08:59:15","guid":{"rendered":"https:\/\/aspanin.cat\/asesoramiento-social\/"},"modified":"2023-10-25T09:55:51","modified_gmt":"2023-10-25T09:55:51","slug":"asesoramiento-social","status":"publish","type":"page","link":"https:\/\/aspanin.cat\/es\/asesoramiento-social\/","title":{"rendered":"Asesoramiento social"},"content":{"rendered":"\t\t<div data-elementor-type=\"wp-page\" data-elementor-id=\"12415\" class=\"elementor elementor-12415 elementor-818\" data-elementor-post-type=\"page\">\n\t\t\t\t\t\t<section class=\"elementor-section elementor-top-section elementor-element elementor-element-2834af41 elementor-section-boxed elementor-section-height-default elementor-section-height-default\" data-id=\"2834af41\" data-element_type=\"section\" data-e-type=\"section\">\n\t\t\t\t\t\t<div class=\"elementor-container elementor-column-gap-default\">\n\t\t\t\t\t<div class=\"elementor-column elementor-col-100 elementor-top-column elementor-element elementor-element-27114961\" data-id=\"27114961\" data-element_type=\"column\" data-e-type=\"column\">\n\t\t\t<div class=\"elementor-widget-wrap elementor-element-populated\">\n\t\t\t\t\t\t<div class=\"elementor-element elementor-element-2b9299c0 elementor-widget elementor-widget-heading\" data-id=\"2b9299c0\" data-element_type=\"widget\" data-e-type=\"widget\" data-widget_type=\"heading.default\">\n\t\t\t\t\t<h1 class=\"elementor-heading-title elementor-size-default\">Asesoramiento social <\/h1>\t\t\t\t<\/div>\n\t\t\t\t<div class=\"elementor-element elementor-element-721617a2 elementor-widget-divider--view-line elementor-widget elementor-widget-divider\" data-id=\"721617a2\" data-element_type=\"widget\" data-e-type=\"widget\" data-widget_type=\"divider.default\">\n\t\t\t\t\t\t\t<div class=\"elementor-divider\">\n\t\t\t<span class=\"elementor-divider-separator\">\n\t\t\t\t\t\t<\/span>\n\t\t<\/div>\n\t\t\t\t\t\t<\/div>\n\t\t\t\t\t<\/div>\n\t\t<\/div>\n\t\t\t\t\t<\/div>\n\t\t<\/section>\n\t\t\t\t<section class=\"elementor-section elementor-top-section elementor-element elementor-element-bf601ea elementor-section-boxed elementor-section-height-default elementor-section-height-default\" data-id=\"bf601ea\" data-element_type=\"section\" data-e-type=\"section\">\n\t\t\t\t\t\t<div class=\"elementor-container elementor-column-gap-default\">\n\t\t\t\t\t<div class=\"elementor-column elementor-col-50 elementor-top-column elementor-element elementor-element-4210a6d\" data-id=\"4210a6d\" data-element_type=\"column\" data-e-type=\"column\">\n\t\t\t<div class=\"elementor-widget-wrap elementor-element-populated\">\n\t\t\t\t\t\t<div class=\"elementor-element elementor-element-25a97d3 elementor-widget elementor-widget-text-editor\" data-id=\"25a97d3\" data-element_type=\"widget\" data-e-type=\"widget\" data-widget_type=\"text-editor.default\">\n\t\t\t\t\t\t\t\t\t<p>Es un <span style=\"color: #99cc00;\"><strong>servicio de asesoramiento universal y gratuito donde se resuelven dudas y se tratan temas<\/strong><\/span> <br \/><span style=\"color: #99cc00;\"><strong>de inter\u00e9s<\/strong><\/span> como pueden ser: tr\u00e1mites relacionados con la capacitaci\u00f3n de la persona, servicios <br \/>disponibles (ocio, respir, etc.), nuevas l\u00edneas de concepci\u00f3n de la discapacidad intelectual, vida <br \/>independiente, toma de decisiones, etc.<br \/>Se centra en personas con discapacidad intelectual, familiares, servicios y profesionales del sector <br \/>(escuelas de educaci\u00f3n especial, centros de trabajo, hogares, residencias, empresas de inserci\u00f3n, servicios <br \/>psicol\u00f3gicos&#8230;) empresas que tienen personal con DI y por supuesto est\u00e1 abierto a cualquier <br \/>ciudadano que precise informaci\u00f3n y asesoramiento relacionado con discapacidad intelectual.<\/p>\n\t\t\t\t\t\t\t\t<\/div>\n\t\t\t\t<div class=\"elementor-element elementor-element-479e1aa elementor-widget elementor-widget-image\" data-id=\"479e1aa\" data-element_type=\"widget\" data-e-type=\"widget\" data-widget_type=\"image.default\">\n\t\t\t\t\t\t\t\t\t\t\t\t\t\t\t<img fetchpriority=\"high\" decoding=\"async\" width=\"1024\" height=\"717\" src=\"https:\/\/aspanin.cat\/wp-content\/uploads\/2023\/04\/Assesorament_social-1024x717.jpg\" class=\"attachment-large size-large wp-image-12114\" alt=\"\" srcset=\"https:\/\/aspanin.cat\/wp-content\/uploads\/2023\/04\/Assesorament_social-1024x717.jpg 1024w, https:\/\/aspanin.cat\/wp-content\/uploads\/2023\/04\/Assesorament_social-300x210.jpg 300w, https:\/\/aspanin.cat\/wp-content\/uploads\/2023\/04\/Assesorament_social-768x538.jpg 768w, https:\/\/aspanin.cat\/wp-content\/uploads\/2023\/04\/Assesorament_social-1536x1075.jpg 1536w, https:\/\/aspanin.cat\/wp-content\/uploads\/2023\/04\/Assesorament_social.jpg 1827w\" sizes=\"(max-width: 1024px) 100vw, 1024px\" \/>\t\t\t\t\t\t\t\t\t\t\t\t\t\t\t<\/div>\n\t\t\t\t\t<\/div>\n\t\t<\/div>\n\t\t\t\t<div class=\"elementor-column elementor-col-50 elementor-top-column elementor-element elementor-element-39601de4\" data-id=\"39601de4\" data-element_type=\"column\" data-e-type=\"column\">\n\t\t\t<div class=\"elementor-widget-wrap elementor-element-populated\">\n\t\t\t\t\t\t<div class=\"elementor-element elementor-element-6d5dabf elementor-widget elementor-widget-heading\" data-id=\"6d5dabf\" data-element_type=\"widget\" data-e-type=\"widget\" data-widget_type=\"heading.default\">\n\t\t\t\t\t<h2 class=\"elementor-heading-title elementor-size-default\">Colabora<\/h2>\t\t\t\t<\/div>\n\t\t\t\t<div class=\"elementor-element elementor-element-65e864a elementor-widget__width-initial elementor--h-position-center elementor--v-position-middle elementor-arrows-position-inside elementor-pagination-position-inside elementor-widget elementor-widget-slides\" data-id=\"65e864a\" data-element_type=\"widget\" data-e-type=\"widget\" data-settings=\"{&quot;navigation&quot;:&quot;both&quot;,&quot;transition&quot;:&quot;slide&quot;,&quot;transition_speed&quot;:500}\" data-widget_type=\"slides.default\">\n\t\t\t\t\t\t\t\t\t\t<div class=\"elementor-slides-wrapper elementor-main-swiper swiper\" role=\"region\" aria-roledescription=\"carousel\" aria-label=\"Slides\" dir=\"ltr\" data-animation=\"\">\n\t\t\t\t<div class=\"swiper-wrapper elementor-slides\">\n\t\t\t\t\t\t\t\t\t\t<div class=\"elementor-repeater-item-bca1e80 swiper-slide\" role=\"group\" aria-roledescription=\"slide\"><div class=\"swiper-slide-bg\" role=\"img\" aria-label=\"Collabora\"><\/div><a class=\"swiper-slide-inner\" href=\"https:\/\/aspanin.cat\/es\/dona\/\"><div class=\"swiper-slide-contents\"><div class=\"elementor-slide-heading\">AY\u00daDANOS A MEJORAR LA CALIDAD DE VIDA DE LAS PERSONAS CON DISCAPACIDAD INTELECTUAL<\/div><\/div><\/a><\/div>\t\t\t\t<\/div>\n\t\t\t\t\t\t\t<\/div>\n\t\t\t\t\t\t\t\t<\/div>\n\t\t\t\t<div class=\"elementor-element elementor-element-4ebe9eb2 elementor-widget__width-initial elementor-widget elementor-widget-heading\" data-id=\"4ebe9eb2\" data-element_type=\"widget\" data-e-type=\"widget\" data-widget_type=\"heading.default\">\n\t\t\t\t\t<h2 class=\"elementor-heading-title elementor-size-default\">Ay\u00fadanos<\/h2>\t\t\t\t<\/div>\n\t\t\t\t\t<\/div>\n\t\t<\/div>\n\t\t\t\t\t<\/div>\n\t\t<\/section>\n\t\t\t\t<\/div>\n\t\t","protected":false},"excerpt":{"rendered":"<p>Asesoramiento social Es un servicio de asesoramiento universal y gratuito donde se resuelven dudas y se tratan temas de inter\u00e9s como pueden ser: tr\u00e1mites relacionados con la capacitaci\u00f3n de la persona, servicios disponibles (ocio, respir, etc.), nuevas l\u00edneas de concepci\u00f3n de la discapacidad intelectual, vida independiente, toma de decisiones, etc.Se centra en personas con discapacidad [&hellip;]<\/p>\n","protected":false},"author":1,"featured_media":0,"parent":0,"menu_order":0,"comment_status":"closed","ping_status":"closed","template":"","meta":{"site-sidebar-layout":"no-sidebar","site-content-layout":"page-builder","ast-site-content-layout":"default","site-content-style":"default","site-sidebar-style":"default","ast-global-header-display":"","ast-banner-title-visibility":"","ast-main-header-display":"","ast-hfb-above-header-display":"","ast-hfb-below-header-display":"","ast-hfb-mobile-header-display":"","site-post-title":"disabled","ast-breadcrumbs-content":"","ast-featured-img":"disabled","footer-sml-layout":"","ast-disable-related-posts":"","theme-transparent-header-meta":"default","adv-header-id-meta":"","stick-header-meta":"","header-above-stick-meta":"","header-main-stick-meta":"","header-below-stick-meta":"","astra-migrate-meta-layouts":"default","ast-page-background-enabled":"default","ast-page-background-meta":{"desktop":{"background-color":"var(--ast-global-color-4)","background-image":"","background-repeat":"repeat","background-position":"center center","background-size":"auto","background-attachment":"scroll","background-type":"","background-media":"","overlay-type":"","overlay-color":"","overlay-opacity":"","overlay-gradient":""},"tablet":{"background-color":"","background-image":"","background-repeat":"repeat","background-position":"center center","background-size":"auto","background-attachment":"scroll","background-type":"","background-media":"","overlay-type":"","overlay-color":"","overlay-opacity":"","overlay-gradient":""},"mobile":{"background-color":"","background-image":"","background-repeat":"repeat","background-position":"center center","background-size":"auto","background-attachment":"scroll","background-type":"","background-media":"","overlay-type":"","overlay-color":"","overlay-opacity":"","overlay-gradient":""}},"ast-content-background-meta":{"desktop":{"background-color":"var(--ast-global-color-5)","background-image":"","background-repeat":"repeat","background-position":"center center","background-size":"auto","background-attachment":"scroll","background-type":"","background-media":"","overlay-type":"","overlay-color":"","overlay-opacity":"","overlay-gradient":""},"tablet":{"background-color":"var(--ast-global-color-5)","background-image":"","background-repeat":"repeat","background-position":"center center","background-size":"auto","background-attachment":"scroll","background-type":"","background-media":"","overlay-type":"","overlay-color":"","overlay-opacity":"","overlay-gradient":""},"mobile":{"background-color":"var(--ast-global-color-5)","background-image":"","background-repeat":"repeat","background-position":"center center","background-size":"auto","background-attachment":"scroll","background-type":"","background-media":"","overlay-type":"","overlay-color":"","overlay-opacity":"","overlay-gradient":""}},"footnotes":""},"class_list":["post-12415","page","type-page","status-publish","hentry"],"yoast_head":"<!-- This site is optimized with the Yoast SEO plugin v27.5 - https:\/\/yoast.com\/product\/yoast-seo-wordpress\/ -->\n<title>Asesoramiento social - ASPANIN<\/title>\n<meta name=\"robots\" content=\"index, follow, max-snippet:-1, max-image-preview:large, max-video-preview:-1\" \/>\n<link rel=\"canonical\" href=\"https:\/\/aspanin.cat\/es\/asesoramiento-social\/\" \/>\n<meta property=\"og:locale\" content=\"es_ES\" \/>\n<meta property=\"og:type\" content=\"article\" \/>\n<meta property=\"og:title\" content=\"Asesoramiento social - ASPANIN\" \/>\n<meta property=\"og:description\" content=\"Asesoramiento social Es un servicio de asesoramiento universal y gratuito donde se resuelven dudas y se tratan temas de inter\u00e9s como pueden ser: tr\u00e1mites relacionados con la capacitaci\u00f3n de la persona, servicios disponibles (ocio, respir, etc.), nuevas l\u00edneas de concepci\u00f3n de la discapacidad intelectual, vida independiente, toma de decisiones, etc.Se centra en personas con discapacidad [&hellip;]\" \/>\n<meta property=\"og:url\" content=\"https:\/\/aspanin.cat\/es\/asesoramiento-social\/\" \/>\n<meta property=\"og:site_name\" content=\"ASPANIN\" \/>\n<meta property=\"article:modified_time\" content=\"2023-10-25T09:55:51+00:00\" \/>\n<meta property=\"og:image\" content=\"https:\/\/aspanin.cat\/wp-content\/uploads\/2023\/04\/Assesorament_social-1024x717.jpg\" \/>\n<meta name=\"twitter:card\" content=\"summary_large_image\" \/>\n<meta name=\"twitter:label1\" content=\"Tiempo de lectura\" \/>\n\t<meta name=\"twitter:data1\" content=\"1 minuto\" \/>\n<script type=\"application\/ld+json\" class=\"yoast-schema-graph\">{\"@context\":\"https:\\\/\\\/schema.org\",\"@graph\":[{\"@type\":\"WebPage\",\"@id\":\"https:\\\/\\\/aspanin.cat\\\/es\\\/asesoramiento-social\\\/\",\"url\":\"https:\\\/\\\/aspanin.cat\\\/es\\\/asesoramiento-social\\\/\",\"name\":\"Asesoramiento social - ASPANIN\",\"isPartOf\":{\"@id\":\"https:\\\/\\\/aspanin.cat\\\/es\\\/#website\"},\"primaryImageOfPage\":{\"@id\":\"https:\\\/\\\/aspanin.cat\\\/es\\\/asesoramiento-social\\\/#primaryimage\"},\"image\":{\"@id\":\"https:\\\/\\\/aspanin.cat\\\/es\\\/asesoramiento-social\\\/#primaryimage\"},\"thumbnailUrl\":\"https:\\\/\\\/aspanin.cat\\\/wp-content\\\/uploads\\\/2023\\\/04\\\/Assesorament_social-1024x717.jpg\",\"datePublished\":\"2023-02-21T08:59:15+00:00\",\"dateModified\":\"2023-10-25T09:55:51+00:00\",\"inLanguage\":\"es\",\"potentialAction\":[{\"@type\":\"ReadAction\",\"target\":[\"https:\\\/\\\/aspanin.cat\\\/es\\\/asesoramiento-social\\\/\"]}]},{\"@type\":\"ImageObject\",\"inLanguage\":\"es\",\"@id\":\"https:\\\/\\\/aspanin.cat\\\/es\\\/asesoramiento-social\\\/#primaryimage\",\"url\":\"https:\\\/\\\/aspanin.cat\\\/wp-content\\\/uploads\\\/2023\\\/04\\\/Assesorament_social-1024x717.jpg\",\"contentUrl\":\"https:\\\/\\\/aspanin.cat\\\/wp-content\\\/uploads\\\/2023\\\/04\\\/Assesorament_social-1024x717.jpg\"},{\"@type\":\"WebSite\",\"@id\":\"https:\\\/\\\/aspanin.cat\\\/es\\\/#website\",\"url\":\"https:\\\/\\\/aspanin.cat\\\/es\\\/\",\"name\":\"ASPANIN\",\"description\":\"Pro persones amb discapacitat intel\u00b7lectual i les seves fam\u00edlies\",\"publisher\":{\"@id\":\"https:\\\/\\\/aspanin.cat\\\/es\\\/#organization\"},\"potentialAction\":[{\"@type\":\"SearchAction\",\"target\":{\"@type\":\"EntryPoint\",\"urlTemplate\":\"https:\\\/\\\/aspanin.cat\\\/es\\\/?s={search_term_string}\"},\"query-input\":{\"@type\":\"PropertyValueSpecification\",\"valueRequired\":true,\"valueName\":\"search_term_string\"}}],\"inLanguage\":\"es\"},{\"@type\":\"Organization\",\"@id\":\"https:\\\/\\\/aspanin.cat\\\/es\\\/#organization\",\"name\":\"ASPANIN\",\"url\":\"https:\\\/\\\/aspanin.cat\\\/es\\\/\",\"logo\":{\"@type\":\"ImageObject\",\"inLanguage\":\"es\",\"@id\":\"https:\\\/\\\/aspanin.cat\\\/es\\\/#\\\/schema\\\/logo\\\/image\\\/\",\"url\":\"https:\\\/\\\/aspanin.cat\\\/wp-content\\\/uploads\\\/2020\\\/07\\\/logo.gif\",\"contentUrl\":\"https:\\\/\\\/aspanin.cat\\\/wp-content\\\/uploads\\\/2020\\\/07\\\/logo.gif\",\"width\":587,\"height\":190,\"caption\":\"ASPANIN\"},\"image\":{\"@id\":\"https:\\\/\\\/aspanin.cat\\\/es\\\/#\\\/schema\\\/logo\\\/image\\\/\"}}]}<\/script>\n<!-- \/ Yoast SEO plugin. -->","yoast_head_json":{"title":"Asesoramiento social - ASPANIN","robots":{"index":"index","follow":"follow","max-snippet":"max-snippet:-1","max-image-preview":"max-image-preview:large","max-video-preview":"max-video-preview:-1"},"canonical":"https:\/\/aspanin.cat\/es\/asesoramiento-social\/","og_locale":"es_ES","og_type":"article","og_title":"Asesoramiento social - ASPANIN","og_description":"Asesoramiento social Es un servicio de asesoramiento universal y gratuito donde se resuelven dudas y se tratan temas de inter\u00e9s como pueden ser: tr\u00e1mites relacionados con la capacitaci\u00f3n de la persona, servicios disponibles (ocio, respir, etc.), nuevas l\u00edneas de concepci\u00f3n de la discapacidad intelectual, vida independiente, toma de decisiones, etc.Se centra en personas con discapacidad [&hellip;]","og_url":"https:\/\/aspanin.cat\/es\/asesoramiento-social\/","og_site_name":"ASPANIN","article_modified_time":"2023-10-25T09:55:51+00:00","og_image":[{"url":"https:\/\/aspanin.cat\/wp-content\/uploads\/2023\/04\/Assesorament_social-1024x717.jpg","type":"","width":"","height":""}],"twitter_card":"summary_large_image","twitter_misc":{"Tiempo de lectura":"1 minuto"},"schema":{"@context":"https:\/\/schema.org","@graph":[{"@type":"WebPage","@id":"https:\/\/aspanin.cat\/es\/asesoramiento-social\/","url":"https:\/\/aspanin.cat\/es\/asesoramiento-social\/","name":"Asesoramiento social - ASPANIN","isPartOf":{"@id":"https:\/\/aspanin.cat\/es\/#website"},"primaryImageOfPage":{"@id":"https:\/\/aspanin.cat\/es\/asesoramiento-social\/#primaryimage"},"image":{"@id":"https:\/\/aspanin.cat\/es\/asesoramiento-social\/#primaryimage"},"thumbnailUrl":"https:\/\/aspanin.cat\/wp-content\/uploads\/2023\/04\/Assesorament_social-1024x717.jpg","datePublished":"2023-02-21T08:59:15+00:00","dateModified":"2023-10-25T09:55:51+00:00","inLanguage":"es","potentialAction":[{"@type":"ReadAction","target":["https:\/\/aspanin.cat\/es\/asesoramiento-social\/"]}]},{"@type":"ImageObject","inLanguage":"es","@id":"https:\/\/aspanin.cat\/es\/asesoramiento-social\/#primaryimage","url":"https:\/\/aspanin.cat\/wp-content\/uploads\/2023\/04\/Assesorament_social-1024x717.jpg","contentUrl":"https:\/\/aspanin.cat\/wp-content\/uploads\/2023\/04\/Assesorament_social-1024x717.jpg"},{"@type":"WebSite","@id":"https:\/\/aspanin.cat\/es\/#website","url":"https:\/\/aspanin.cat\/es\/","name":"ASPANIN","description":"Pro persones amb discapacitat intel\u00b7lectual i les seves fam\u00edlies","publisher":{"@id":"https:\/\/aspanin.cat\/es\/#organization"},"potentialAction":[{"@type":"SearchAction","target":{"@type":"EntryPoint","urlTemplate":"https:\/\/aspanin.cat\/es\/?s={search_term_string}"},"query-input":{"@type":"PropertyValueSpecification","valueRequired":true,"valueName":"search_term_string"}}],"inLanguage":"es"},{"@type":"Organization","@id":"https:\/\/aspanin.cat\/es\/#organization","name":"ASPANIN","url":"https:\/\/aspanin.cat\/es\/","logo":{"@type":"ImageObject","inLanguage":"es","@id":"https:\/\/aspanin.cat\/es\/#\/schema\/logo\/image\/","url":"https:\/\/aspanin.cat\/wp-content\/uploads\/2020\/07\/logo.gif","contentUrl":"https:\/\/aspanin.cat\/wp-content\/uploads\/2020\/07\/logo.gif","width":587,"height":190,"caption":"ASPANIN"},"image":{"@id":"https:\/\/aspanin.cat\/es\/#\/schema\/logo\/image\/"}}]}},"_links":{"self":[{"href":"https:\/\/aspanin.cat\/es\/wp-json\/wp\/v2\/pages\/12415","targetHints":{"allow":["GET"]}}],"collection":[{"href":"https:\/\/aspanin.cat\/es\/wp-json\/wp\/v2\/pages"}],"about":[{"href":"https:\/\/aspanin.cat\/es\/wp-json\/wp\/v2\/types\/page"}],"author":[{"embeddable":true,"href":"https:\/\/aspanin.cat\/es\/wp-json\/wp\/v2\/users\/1"}],"replies":[{"embeddable":true,"href":"https:\/\/aspanin.cat\/es\/wp-json\/wp\/v2\/comments?post=12415"}],"version-history":[{"count":5,"href":"https:\/\/aspanin.cat\/es\/wp-json\/wp\/v2\/pages\/12415\/revisions"}],"predecessor-version":[{"id":13143,"href":"https:\/\/aspanin.cat\/es\/wp-json\/wp\/v2\/pages\/12415\/revisions\/13143"}],"wp:attachment":[{"href":"https:\/\/aspanin.cat\/es\/wp-json\/wp\/v2\/media?parent=12415"}],"curies":[{"name":"wp","href":"https:\/\/api.w.org\/{rel}","templated":true}]}}